{"id":2157,"date":"2024-12-01T07:48:14","date_gmt":"2024-12-01T06:48:14","guid":{"rendered":"https:\/\/verticalsbarcelona.es\/contacte\/"},"modified":"2026-03-18T07:23:14","modified_gmt":"2026-03-18T06:23:14","slug":"contacte","status":"publish","type":"page","link":"https:\/\/verticalsbarcelona.es\/ca\/contacte\/","title":{"rendered":"Contacte"},"content":{"rendered":"\t\t<div data-elementor-type=\"wp-page\" data-elementor-id=\"2157\" class=\"elementor elementor-2157 elementor-652\" data-elementor-post-type=\"page\">\n\t\t\t\t\t\t<section class=\"elementor-section elementor-top-section elementor-element elementor-element-5813018c elementor-section-boxed elementor-section-height-default elementor-section-height-default\" data-id=\"5813018c\" data-element_type=\"section\" data-e-type=\"section\" data-settings=\"{&quot;background_background&quot;:&quot;classic&quot;}\">\n\t\t\t\t\t\t\t<div class=\"elementor-background-overlay\"><\/div>\n\t\t\t\t\t\t\t<div class=\"elementor-container elementor-column-gap-no\">\n\t\t\t\t\t<div class=\"elementor-column elementor-col-100 elementor-top-column elementor-element elementor-element-5d5c1d8e\" data-id=\"5d5c1d8e\" data-element_type=\"column\" data-e-type=\"column\">\n\t\t\t<div class=\"elementor-widget-wrap elementor-element-populated\">\n\t\t\t\t\t\t<div class=\"elementor-element elementor-element-267ea060 elementor-icon-list--layout-inline elementor-align-center elementor-list-item-link-full_width elementor-widget elementor-widget-icon-list\" data-id=\"267ea060\" data-element_type=\"widget\" data-e-type=\"widget\" data-widget_type=\"icon-list.default\">\n\t\t\t\t<div class=\"elementor-widget-container\">\n\t\t\t\t\t\t\t<ul class=\"elementor-icon-list-items elementor-inline-items\">\n\t\t\t\t\t\t\t<li class=\"elementor-icon-list-item elementor-inline-item\">\n\t\t\t\t\t\t\t\t\t\t\t<a href=\"https:\/\/verticalsbarcelona.es\/ca\/\">\n\n\t\t\t\t\t\t\t\t\t\t\t<span class=\"elementor-icon-list-text\">Verticals Barcelona<\/span>\n\t\t\t\t\t\t\t\t\t\t\t<\/a>\n\t\t\t\t\t\t\t\t\t<\/li>\n\t\t\t\t\t\t\t\t<li class=\"elementor-icon-list-item elementor-inline-item\">\n\t\t\t\t\t\t\t\t\t\t\t<a href=\"https:\/\/verticalsbarcelona.es\/ca\/contacte\/\">\n\n\t\t\t\t\t\t\t\t\t\t\t\t<span class=\"elementor-icon-list-icon\">\n\t\t\t\t\t\t\t<svg aria-hidden=\"true\" class=\"e-font-icon-svg e-fas-angle-right\" viewBox=\"0 0 256 512\" xmlns=\"http:\/\/www.w3.org\/2000\/svg\"><path d=\"M224.3 273l-136 136c-9.4 9.4-24.6 9.4-33.9 0l-22.6-22.6c-9.4-9.4-9.4-24.6 0-33.9l96.4-96.4-96.4-96.4c-9.4-9.4-9.4-24.6 0-33.9L54.3 103c9.4-9.4 24.6-9.4 33.9 0l136 136c9.5 9.4 9.5 24.6.1 34z\"><\/path><\/svg>\t\t\t\t\t\t<\/span>\n\t\t\t\t\t\t\t\t\t\t<span class=\"elementor-icon-list-text\">Contacte<\/span>\n\t\t\t\t\t\t\t\t\t\t\t<\/a>\n\t\t\t\t\t\t\t\t\t<\/li>\n\t\t\t\t\t\t<\/ul>\n\t\t\t\t\t\t<\/div>\n\t\t\t\t<\/div>\n\t\t\t\t<div class=\"elementor-element elementor-element-1fd19a32 elementor-invisible elementor-widget elementor-widget-heading\" data-id=\"1fd19a32\" data-element_type=\"widget\" data-e-type=\"widget\" data-settings=\"{&quot;_animation&quot;:&quot;zoomIn&quot;}\" data-widget_type=\"heading.default\">\n\t\t\t\t<div class=\"elementor-widget-container\">\n\t\t\t\t\t<h1 class=\"elementor-heading-title elementor-size-default\">Contacte<\/h1>\t\t\t\t<\/div>\n\t\t\t\t<\/div>\n\t\t\t\t<div class=\"elementor-element elementor-element-f3edd47 elementor-hidden-desktop elementor-hidden-tablet elementor-hidden-mobile elementor-widget elementor-widget-text-editor\" data-id=\"f3edd47\" data-element_type=\"widget\" data-e-type=\"widget\" data-widget_type=\"text-editor.default\">\n\t\t\t\t<div class=\"elementor-widget-container\">\n\t\t\t\t\t\t\t\t\t<p>Contacte Treballs Verticals Barcelona: Serveis Professionals a Al\u00e7ada<\/p><p>Si busques especialistes en feines verticals a Barcelona, \u200b\u200bhas arribat al lloc indicat. A Verticals Barcelona, \u200b\u200boferim solucions segures i eficients per a feines en al\u00e7ada, manteniment de fa\u00e7anes, rehabilitaci\u00f3 d&#8217;edificis i altres serveis especialitzats. Comptem amb un equip altament qualificat i certificat per garantir la m\u00e0xima seguretat i qualitat a cada projecte.  <\/p><p>Serveis de treballs verticals a Barcelona<\/p><p>Els nostres serveis de treballs verticals comprenen una \u00e0mplia gamma d&#8217;intervencions per garantir la seguretat i el manteniment d&#8217;edificis a la ciutat. Algunes de les nostres especialitats inclouen: <\/p><p>Rehabilitaci\u00f3 i manteniment de fa\u00e7anes: Restaurem fa\u00e7anes danyades pel temps, la contaminaci\u00f3 o el desgast, utilitzant t\u00e8cniques innovadores sense necessitat de bastides.<\/p><p>Impermeabilitzaci\u00f3 i segellat de juntes: Protegim edificis contra filtracions d&#8217;aigua i humitat aplicant materials d&#8217;alta qualitat.<\/p><p>Instal\u00b7laci\u00f3 i manteniment de baixants: Substitu\u00efm i reparem baixants pluvials i de sanejament en qualsevol tipus d&#8217;edificaci\u00f3.<\/p><p>Neteja de vidres i fa\u00e7anes: Garantim una neteja impecable en edificis de gran al\u00e7ada, millorant la imatge de negocis i comunitats.<\/p><p>Instal\u00b7laci\u00f3 de sistemes de seguretat en altura: Implementem l\u00ednies de vida i ancoratges per garantir la seguretat dels treballadors.<\/p><p>Cada projecte \u00e9s \u00fanic, per la qual cosa analitzem les necessitats espec\u00edfiques de cada client per oferir solucions personalitzades.<\/p><p>Per qu\u00e8 escollir els nostres treballs verticals a Barcelona?<\/p><p>A Verticals Barcelona, \u200b\u200bdestaquem per la nostra experi\u00e8ncia i comprom\u00eds amb la seguretat i la qualitat. Algunes raons per confiar en nosaltres s\u00f3n: <\/p><p>Equip certificat i experimentat: Comptem amb professionals formats en t\u00e8cniques d&#8217;acc\u00e9s i posicionament mitjan\u00e7ant cordes, amb certificacions que en garanteixen la capacitaci\u00f3.<\/p><p>Seguretat com a prioritat: Utilitzem equips homologats i seguim estrictes protocols de seguretat per evitar qualsevol tipus de risc.<\/p><p>Efici\u00e8ncia i rapidesa: El nostre m\u00e8tode de treball ens permet accedir a zones dif\u00edcils sense necessitat d&#8217;estructures costoses, reduint temps i costos.<\/p><p>Pressupostos sense comprom\u00eds: Oferim assessorament personalitzat i pressupostos ajustats a cada necessitat.<\/p>\t\t\t\t\t\t\t\t<\/div>\n\t\t\t\t<\/div>\n\t\t\t\t\t<\/div>\n\t\t<\/div>\n\t\t\t\t\t<\/div>\n\t\t<\/section>\n\t\t<div class=\"elementor-element elementor-element-ba22a7c e-con-full e-flex e-con e-parent\" data-id=\"ba22a7c\" data-element_type=\"container\" data-e-type=\"container\">\n\t\t<div class=\"elementor-element elementor-element-fc9b95a e-con-full e-flex e-con e-child\" data-id=\"fc9b95a\" data-element_type=\"container\" data-e-type=\"container\" data-settings=\"{&quot;background_background&quot;:&quot;classic&quot;}\">\n\t\t\t\t<div class=\"elementor-element elementor-element-6478184 elementor-widget-tablet__width-initial elementor-widget-mobile__width-inherit elementor-widget elementor-widget-heading\" data-id=\"6478184\" data-element_type=\"widget\" data-e-type=\"widget\" data-widget_type=\"heading.default\">\n\t\t\t\t<div class=\"elementor-widget-container\">\n\t\t\t\t\t<h2 class=\"elementor-heading-title elementor-size-default\">Contacta amb nosaltres!<\/h2>\t\t\t\t<\/div>\n\t\t\t\t<\/div>\n\t\t\t\t<div class=\"elementor-element elementor-element-353e2d5 elementor-widget-tablet__width-inherit elementor-widget-mobile__width-inherit elementor-widget elementor-widget-image-box\" data-id=\"353e2d5\" data-element_type=\"widget\" data-e-type=\"widget\" data-widget_type=\"image-box.default\">\n\t\t\t\t<div class=\"elementor-widget-container\">\n\t\t\t\t\t<div class=\"elementor-image-box-wrapper\"><div class=\"elementor-image-box-content\"><h1 class=\"elementor-image-box-title\">Formulari de contacte<\/h1><p class=\"elementor-image-box-description\">Omple aquest breu formulari i ens posarem en contacte amb tu el m\u00e9s aviat possible. Si \u00e9s una emerg\u00e8ncia, tens tots els nostres canals de contacte.   <\/p><\/div><\/div>\t\t\t\t<\/div>\n\t\t\t\t<\/div>\n\t\t<div class=\"elementor-element elementor-element-9a37119 e-con-full e-flex e-con e-child\" data-id=\"9a37119\" data-element_type=\"container\" data-e-type=\"container\">\n\t\t\t\t<div class=\"elementor-element elementor-element-941db27 elementor-widget-tablet__width-initial elementor-widget-mobile__width-inherit elementor-widget elementor-widget-heading\" data-id=\"941db27\" data-element_type=\"widget\" data-e-type=\"widget\" data-widget_type=\"heading.default\">\n\t\t\t\t<div class=\"elementor-widget-container\">\n\t\t\t\t\t<h3 class=\"elementor-heading-title elementor-size-default\">Contacte<\/h3>\t\t\t\t<\/div>\n\t\t\t\t<\/div>\n\t\t\t\t<div class=\"elementor-element elementor-element-cd3bf38 elementor-icon-list--layout-traditional elementor-list-item-link-full_width elementor-widget elementor-widget-icon-list\" data-id=\"cd3bf38\" data-element_type=\"widget\" data-e-type=\"widget\" data-widget_type=\"icon-list.default\">\n\t\t\t\t<div class=\"elementor-widget-container\">\n\t\t\t\t\t\t\t<ul class=\"elementor-icon-list-items\">\n\t\t\t\t\t\t\t<li class=\"elementor-icon-list-item\">\n\t\t\t\t\t\t\t\t\t\t\t<a href=\"tel:611842229\">\n\n\t\t\t\t\t\t\t\t\t\t\t<span class=\"elementor-icon-list-text\">611 848 229<\/span>\n\t\t\t\t\t\t\t\t\t\t\t<\/a>\n\t\t\t\t\t\t\t\t\t<\/li>\n\t\t\t\t\t\t\t\t<li class=\"elementor-icon-list-item\">\n\t\t\t\t\t\t\t\t\t\t\t<a href=\"mailto:info@verticalsbarcelona.com\">\n\n\t\t\t\t\t\t\t\t\t\t\t<span class=\"elementor-icon-list-text\">info@verticalsbarcelona.com<\/span>\n\t\t\t\t\t\t\t\t\t\t\t<\/a>\n\t\t\t\t\t\t\t\t\t<\/li>\n\t\t\t\t\t\t\t\t<li class=\"elementor-icon-list-item\">\n\t\t\t\t\t\t\t\t\t\t\t<a href=\"https:\/\/wa.me\/34611848229\" target=\"_blank\" rel=\"noopener\">\n\n\t\t\t\t\t\t\t\t\t\t\t<span class=\"elementor-icon-list-text\">Contactar per WhatsApp<\/span>\n\t\t\t\t\t\t\t\t\t\t\t<\/a>\n\t\t\t\t\t\t\t\t\t<\/li>\n\t\t\t\t\t\t<\/ul>\n\t\t\t\t\t\t<\/div>\n\t\t\t\t<\/div>\n\t\t\t\t<\/div>\n\t\t<div class=\"elementor-element elementor-element-e0eec97 e-con-full e-flex e-con e-child\" data-id=\"e0eec97\" data-element_type=\"container\" data-e-type=\"container\">\n\t\t\t\t<div class=\"elementor-element elementor-element-f004cfb elementor-widget-tablet__width-initial elementor-widget-mobile__width-inherit elementor-widget elementor-widget-heading\" data-id=\"f004cfb\" data-element_type=\"widget\" data-e-type=\"widget\" data-widget_type=\"heading.default\">\n\t\t\t\t<div class=\"elementor-widget-container\">\n\t\t\t\t\t<h3 class=\"elementor-heading-title elementor-size-default\">Horari d'atenci\u00f3<\/h3>\t\t\t\t<\/div>\n\t\t\t\t<\/div>\n\t\t\t\t<div class=\"elementor-element elementor-element-52fa308 elementor-icon-list--layout-traditional elementor-list-item-link-full_width elementor-widget elementor-widget-icon-list\" data-id=\"52fa308\" data-element_type=\"widget\" data-e-type=\"widget\" data-widget_type=\"icon-list.default\">\n\t\t\t\t<div class=\"elementor-widget-container\">\n\t\t\t\t\t\t\t<ul class=\"elementor-icon-list-items\">\n\t\t\t\t\t\t\t<li class=\"elementor-icon-list-item\">\n\t\t\t\t\t\t\t\t\t\t<span class=\"elementor-icon-list-text\">Dilluns a Vie 8:00h - 18:00h<\/span>\n\t\t\t\t\t\t\t\t\t<\/li>\n\t\t\t\t\t\t\t\t<li class=\"elementor-icon-list-item\">\n\t\t\t\t\t\t\t\t\t\t<span class=\"elementor-icon-list-text\">Sab-Dom - Tancat<\/span>\n\t\t\t\t\t\t\t\t\t<\/li>\n\t\t\t\t\t\t<\/ul>\n\t\t\t\t\t\t<\/div>\n\t\t\t\t<\/div>\n\t\t\t\t<\/div>\n\t\t\t\t<\/div>\n\t\t<div class=\"elementor-element elementor-element-c11ea0c e-con-full e-flex e-con e-child\" data-id=\"c11ea0c\" data-element_type=\"container\" data-e-type=\"container\" data-settings=\"{&quot;background_background&quot;:&quot;classic&quot;}\">\n\t\t\t\t<div class=\"elementor-element elementor-element-2d431d7 elementor-widget-tablet__width-inherit elementor-button-align-stretch elementor-widget elementor-widget-form\" data-id=\"2d431d7\" data-element_type=\"widget\" data-e-type=\"widget\" data-settings=\"{&quot;step_next_label&quot;:&quot;Next&quot;,&quot;step_previous_label&quot;:&quot;Previous&quot;,&quot;button_width&quot;:&quot;100&quot;,&quot;step_type&quot;:&quot;number_text&quot;,&quot;step_icon_shape&quot;:&quot;circle&quot;}\" data-widget_type=\"form.default\">\n\t\t\t\t<div class=\"elementor-widget-container\">\n\t\t\t\t\t\t\t<form class=\"elementor-form\" method=\"post\" name=\"P\u00e0g. Contacte - Formulari de contacte - Verticals Barcelona \" aria-label=\"P\u00e0g. Contacte - Formulari de contacte - Verticals Barcelona \">\n\t\t\t<input type=\"hidden\" name=\"post_id\" value=\"2157\"\/>\n\t\t\t<input type=\"hidden\" name=\"form_id\" value=\"2d431d7\"\/>\n\t\t\t<input type=\"hidden\" name=\"referer_title\" value=\"\" \/>\n\n\t\t\t\n\t\t\t<div class=\"elementor-form-fields-wrapper elementor-labels-\">\n\t\t\t\t\t\t\t\t<div class=\"elementor-field-type-text elementor-field-group elementor-column elementor-field-group-name elementor-col-100\">\n\t\t\t\t\t\t\t\t\t\t\t\t<label for=\"form-field-name\" class=\"elementor-field-label elementor-screen-only\">\n\t\t\t\t\t\t\t\tNom\t\t\t\t\t\t\t<\/label>\n\t\t\t\t\t\t\t\t\t\t\t\t\t\t<input size=\"1\" type=\"text\" name=\"form_fields[name]\" id=\"form-field-name\" class=\"elementor-field elementor-size-lg  elementor-field-textual\" placeholder=\"Nom\">\n\t\t\t\t\t\t\t\t\t\t\t<\/div>\n\t\t\t\t\t\t\t\t<div class=\"elementor-field-type-tel elementor-field-group elementor-column elementor-field-group-field_7745457 elementor-col-100\">\n\t\t\t\t\t\t\t\t\t\t\t\t<label for=\"form-field-field_7745457\" class=\"elementor-field-label elementor-screen-only\">\n\t\t\t\t\t\t\t\tTel\u00e8fon\t\t\t\t\t\t\t<\/label>\n\t\t\t\t\t\t\t\t<input size=\"1\" type=\"tel\" name=\"form_fields[field_7745457]\" id=\"form-field-field_7745457\" class=\"elementor-field elementor-size-lg  elementor-field-textual\" placeholder=\"Tel\u00e8fon\" pattern=\"[0-9()#&amp;+*-=.]+\" title=\"Only numbers and phone characters (#, -, *, etc) are accepted.\">\n\n\t\t\t\t\t\t<\/div>\n\t\t\t\t\t\t\t\t<div class=\"elementor-field-type-email elementor-field-group elementor-column elementor-field-group-emailcliente elementor-col-100 elementor-field-required\">\n\t\t\t\t\t\t\t\t\t\t\t\t<label for=\"form-field-emailcliente\" class=\"elementor-field-label elementor-screen-only\">\n\t\t\t\t\t\t\t\tEmail\t\t\t\t\t\t\t<\/label>\n\t\t\t\t\t\t\t\t\t\t\t\t\t\t<input size=\"1\" type=\"email\" name=\"form_fields[emailcliente]\" id=\"form-field-emailcliente\" class=\"elementor-field elementor-size-lg  elementor-field-textual\" placeholder=\"Email\" required=\"required\">\n\t\t\t\t\t\t\t\t\t\t\t<\/div>\n\t\t\t\t\t\t\t\t<div class=\"elementor-field-type-select elementor-field-group elementor-column elementor-field-group-field_a95beab elementor-col-100\">\n\t\t\t\t\t\t\t\t\t\t\t\t<label for=\"form-field-field_a95beab\" class=\"elementor-field-label elementor-screen-only\">\n\t\t\t\t\t\t\t\tType\t\t\t\t\t\t\t<\/label>\n\t\t\t\t\t\t\t\t<div class=\"elementor-field elementor-select-wrapper remove-before \">\n\t\t\t<div class=\"select-caret-down-wrapper\">\n\t\t\t\t<svg aria-hidden=\"true\" class=\"e-font-icon-svg e-eicon-caret-down\" viewBox=\"0 0 571.4 571.4\" xmlns=\"http:\/\/www.w3.org\/2000\/svg\"><path d=\"M571 393Q571 407 561 418L311 668Q300 679 286 679T261 668L11 418Q0 407 0 393T11 368 36 357H536Q550 357 561 368T571 393Z\"><\/path><\/svg>\t\t\t<\/div>\n\t\t\t<select name=\"form_fields[field_a95beab]\" id=\"form-field-field_a95beab\" class=\"elementor-field-textual elementor-size-lg\">\n\t\t\t\t\t\t\t\t\t<option value=\"&lt;&lt; Seleccioneu una opci\u00f3 &gt;&gt;  \">&lt;&lt; Seleccioneu una opci\u00f3 &gt;&gt;  <\/option>\n\t\t\t\t\t\t\t\t\t<option value=\"Treball vertical -&gt; Celoberts\">Treball vertical -&gt; Celoberts<\/option>\n\t\t\t\t\t\t\t\t\t<option value=\"Treball vertical -&gt; Fa\u00e7anes\">Treball vertical -&gt; Fa\u00e7anes<\/option>\n\t\t\t\t\t\t\t\t\t<option value=\"Treball vertical -&gt; Neteja de Fa\u00e7anes\">Treball vertical -&gt; Neteja de Fa\u00e7anes<\/option>\n\t\t\t\t\t\t\t\t\t<option value=\"Treball vertical -&gt; Protecci\u00f3\">Treball vertical -&gt; Protecci\u00f3<\/option>\n\t\t\t\t\t\t\t\t\t<option value=\"Treball vertical -&gt; Segellat\">Treball vertical -&gt; Segellat<\/option>\n\t\t\t\t\t\t\t\t\t<option value=\"Treball vertical -&gt; Suro projectat\">Treball vertical -&gt; Suro projectat<\/option>\n\t\t\t\t\t\t\t\t\t<option value=\"Treball vertical -&gt; Substituci\u00f3 de baixants\">Treball vertical -&gt; Substituci\u00f3 de baixants<\/option>\n\t\t\t\t\t\t\t\t\t<option value=\"Treball vertical -&gt; Instal\u00b7laci\u00f3 de sortida de fums\">Treball vertical -&gt; Instal\u00b7laci\u00f3 de sortida de fums<\/option>\n\t\t\t\t\t\t\t\t\t<option value=\"Treball vertical -&gt; Instal\u00b7laci\u00f3 de pinxos i xarxes anti aus\">Treball vertical -&gt; Instal\u00b7laci\u00f3 de pinxos i xarxes anti aus<\/option>\n\t\t\t\t\t\t\t\t\t<option value=\"Treball vertical -&gt; Retirada d&#039;amiant\">Treball vertical -&gt; Retirada d&#039;amiant<\/option>\n\t\t\t\t\t\t\t\t\t<option value=\"Treball vertical -&gt; Impermeabilitzaci\u00f3 de terrats\">Treball vertical -&gt; Impermeabilitzaci\u00f3 de terrats<\/option>\n\t\t\t\t\t\t\t\t\t<option value=\"Treball vertical -&gt; Instal\u00b7laci\u00f3 d&#039;aires condicionats\">Treball vertical -&gt; Instal\u00b7laci\u00f3 d&#039;aires condicionats<\/option>\n\t\t\t\t\t\t\t\t\t<option value=\"Treball vertical -&gt; Servei 24h\">Treball vertical -&gt; Servei 24h<\/option>\n\t\t\t\t\t\t\t\t\t<option value=\"Treball vertical -&gt; L\u00ednies de vida\">Treball vertical -&gt; L\u00ednies de vida<\/option>\n\t\t\t\t\t\t\t\t\t<option value=\"Treball vertical -&gt; Sostres panell sandvitx\">Treball vertical -&gt; Sostres panell sandvitx<\/option>\n\t\t\t\t\t\t\t\t\t<option value=\"Treball vertical -&gt; Neteja de canals\">Treball vertical -&gt; Neteja de canals<\/option>\n\t\t\t\t\t\t\t\t\t<option value=\"Treball vertical -&gt; Instal\u00b7laci\u00f3 d&#039;aires condicionats\">Treball vertical -&gt; Instal\u00b7laci\u00f3 d&#039;aires condicionats<\/option>\n\t\t\t\t\t\t\t\t\t<option value=\"Treball vertical -&gt; A\u00efllament t\u00e8rmic exterior (SATE)\">Treball vertical -&gt; A\u00efllament t\u00e8rmic exterior (SATE)<\/option>\n\t\t\t\t\t\t\t\t\t<option value=\"Treball vertical -&gt; Instal\u00b7laci\u00f3 d&#039;aires condicionats\">Treball vertical -&gt; Instal\u00b7laci\u00f3 d&#039;aires condicionats<\/option>\n\t\t\t\t\t\t\t\t\t<option value=\"Treball vertical -&gt; Fa\u00e7anes patrimonials\">Treball vertical -&gt; Fa\u00e7anes patrimonials<\/option>\n\t\t\t\t\t\t\t\t\t<option value=\"Treball vertical -&gt; Altres serveis de treballs verticals\">Treball vertical -&gt; Altres serveis de treballs verticals<\/option>\n\t\t\t\t\t\t\t\t\t<option value=\"Treballa amb nosaltres\">Treballa amb nosaltres<\/option>\n\t\t\t\t\t\t\t\t\t<option value=\"Col\u00b7laboracions (subcontractaci\u00f3)\">Col\u00b7laboracions (subcontractaci\u00f3)<\/option>\n\t\t\t\t\t\t\t\t\t<option value=\"Altres (cap de les opcions anteriors)\">Altres (cap de les opcions anteriors)<\/option>\n\t\t\t\t\t\t\t<\/select>\n\t\t<\/div>\n\t\t\t\t\t\t<\/div>\n\t\t\t\t\t\t\t\t<div class=\"elementor-field-type-textarea elementor-field-group elementor-column elementor-field-group-field_4e5012f elementor-col-100\">\n\t\t\t\t\t\t\t\t\t\t\t\t<label for=\"form-field-field_4e5012f\" class=\"elementor-field-label elementor-screen-only\">\n\t\t\t\t\t\t\t\tMissatge\t\t\t\t\t\t\t<\/label>\n\t\t\t\t\t\t<textarea class=\"elementor-field-textual elementor-field  elementor-size-lg\" name=\"form_fields[field_4e5012f]\" id=\"form-field-field_4e5012f\" rows=\"5\" placeholder=\"Missatge (Si ho veus pertinent, explica&#039;ns una mica m\u00e9s)\"><\/textarea>\t\t\t\t<\/div>\n\t\t\t\t\t\t\t\t<div class=\"elementor-field-type-recaptcha_v3 elementor-field-group elementor-column elementor-field-group-field_78004c5 elementor-col-100 recaptcha_v3-bottomright\">\n\t\t\t\t\t<div class=\"elementor-field\" id=\"form-field-field_78004c5\"><div class=\"elementor-g-recaptcha\" data-sitekey=\"6LcBSoIqAAAAAJCdThdGWipyn_f_D62ksDUY_WHB\" data-type=\"v3\" data-action=\"Form\" data-badge=\"bottomright\" data-size=\"invisible\"><\/div><\/div>\t\t\t\t<\/div>\n\t\t\t\t\t\t\t\t<div class=\"elementor-field-type-upload elementor-field-group elementor-column elementor-field-group-field_036cbf6 elementor-col-100\">\n\t\t\t\t\t\t\t\t\t\t\t\t<label for=\"form-field-field_036cbf6\" class=\"elementor-field-label elementor-screen-only\">\n\t\t\t\t\t\t\t\tImatge o v\u00eddeo\t\t\t\t\t\t\t<\/label>\n\t\t\t\t\t\t\t\t<input type=\"file\" name=\"form_fields[field_036cbf6][]\" id=\"form-field-field_036cbf6\" class=\"elementor-field elementor-size-lg  elementor-upload-field\" multiple=\"multiple\">\n\n\t\t\t\t\t\t<\/div>\n\t\t\t\t\t\t\t\t<div class=\"elementor-field-group elementor-column elementor-field-type-submit elementor-col-100 e-form__buttons\">\n\t\t\t\t\t<button class=\"elementor-button elementor-size-md elementor-animation-grow\" type=\"submit\">\n\t\t\t\t\t\t<span class=\"elementor-button-content-wrapper\">\n\t\t\t\t\t\t\t\t\t\t\t\t\t\t\t\t\t\t\t\t\t\t<span class=\"elementor-button-text\">ENVIAR<\/span>\n\t\t\t\t\t\t\t\t\t\t\t\t\t<\/span>\n\t\t\t\t\t<\/button>\n\t\t\t\t<\/div>\n\t\t\t<\/div>\n\t\t<\/form>\n\t\t\t\t\t\t<\/div>\n\t\t\t\t<\/div>\n\t\t\t\t<\/div>\n\t\t\t\t<\/div>\n\t\t\t\t<section class=\"elementor-section elementor-top-section elementor-element elementor-element-7f5386d elementor-section-stretched elementor-section-boxed elementor-section-height-default elementor-section-height-default\" data-id=\"7f5386d\" data-element_type=\"section\" data-e-type=\"section\" data-settings=\"{&quot;background_background&quot;:&quot;classic&quot;,&quot;stretch_section&quot;:&quot;section-stretched&quot;,&quot;shape_divider_bottom&quot;:&quot;mountains&quot;}\">\n\t\t\t\t\t<div class=\"elementor-shape elementor-shape-bottom\" aria-hidden=\"true\" data-negative=\"false\">\n\t\t\t<svg xmlns=\"http:\/\/www.w3.org\/2000\/svg\" viewBox=\"0 0 1000 100\" preserveAspectRatio=\"none\">\n\t<path class=\"elementor-shape-fill\" opacity=\"0.33\" d=\"M473,67.3c-203.9,88.3-263.1-34-320.3,0C66,119.1,0,59.7,0,59.7V0h1000v59.7 c0,0-62.1,26.1-94.9,29.3c-32.8,3.3-62.8-12.3-75.8-22.1C806,49.6,745.3,8.7,694.9,4.7S492.4,59,473,67.3z\"\/>\n\t<path class=\"elementor-shape-fill\" opacity=\"0.66\" d=\"M734,67.3c-45.5,0-77.2-23.2-129.1-39.1c-28.6-8.7-150.3-10.1-254,39.1 s-91.7-34.4-149.2,0C115.7,118.3,0,39.8,0,39.8V0h1000v36.5c0,0-28.2-18.5-92.1-18.5C810.2,18.1,775.7,67.3,734,67.3z\"\/>\n\t<path class=\"elementor-shape-fill\" d=\"M766.1,28.9c-200-57.5-266,65.5-395.1,19.5C242,1.8,242,5.4,184.8,20.6C128,35.8,132.3,44.9,89.9,52.5C28.6,63.7,0,0,0,0 h1000c0,0-9.9,40.9-83.6,48.1S829.6,47,766.1,28.9z\"\/>\n<\/svg>\t\t<\/div>\n\t\t\t\t\t<div class=\"elementor-container elementor-column-gap-default\">\n\t\t\t\t\t<div class=\"elementor-column elementor-col-100 elementor-top-column elementor-element elementor-element-602c35d\" data-id=\"602c35d\" data-element_type=\"column\" data-e-type=\"column\">\n\t\t\t<div class=\"elementor-widget-wrap elementor-element-populated\">\n\t\t\t\t\t\t<section class=\"elementor-section elementor-top-section elementor-element elementor-element-21a1667 elementor-section-boxed elementor-section-height-default elementor-section-height-default\" data-id=\"21a1667\" data-element_type=\"section\" data-e-type=\"section\" data-settings=\"{&quot;background_background&quot;:&quot;classic&quot;}\">\n\t\t\t\t\t\t<div class=\"elementor-container elementor-column-gap-no\">\n\t\t\t\t\t<div class=\"elementor-column elementor-col-100 elementor-top-column elementor-element elementor-element-4d299e1\" data-id=\"4d299e1\" data-element_type=\"column\" data-e-type=\"column\">\n\t\t\t<div class=\"elementor-widget-wrap elementor-element-populated\">\n\t\t\t\t\t\t<div class=\"elementor-element elementor-element-3ea386a elementor-widget-divider--view-line_text elementor-widget-divider--element-align-center elementor-widget elementor-widget-divider\" data-id=\"3ea386a\" data-element_type=\"widget\" data-e-type=\"widget\" data-widget_type=\"divider.default\">\n\t\t\t\t<div class=\"elementor-widget-container\">\n\t\t\t\t\t\t\t<div class=\"elementor-divider\">\n\t\t\t<span class=\"elementor-divider-separator\">\n\t\t\t\t\t\t\t<span class=\"elementor-divider__text elementor-divider__element\">\n\t\t\t\tAlgun dubte?\t\t\t\t<\/span>\n\t\t\t\t\t\t<\/span>\n\t\t<\/div>\n\t\t\t\t\t\t<\/div>\n\t\t\t\t<\/div>\n\t\t\t\t<div class=\"elementor-element elementor-element-a43b29a elementor-widget elementor-widget-icon-box\" data-id=\"a43b29a\" data-element_type=\"widget\" data-e-type=\"widget\" data-widget_type=\"icon-box.default\">\n\t\t\t\t<div class=\"elementor-widget-container\">\n\t\t\t\t\t\t\t<div class=\"elementor-icon-box-wrapper\">\n\n\t\t\t\n\t\t\t\t\t\t<div class=\"elementor-icon-box-content\">\n\n\t\t\t\t\t\t\t\t\t<h2 class=\"elementor-icon-box-title\">\n\t\t\t\t\t\t<a href=\"https:\/\/verticalsbarcelona.es\/ca\/treballs-verticals\/\">\n\t\t\t\t\t\t\tPreguntes freq\u00fcents sobre treballs Verticals a Barcelona\t\t\t\t\t\t<\/a>\n\t\t\t\t\t<\/h2>\n\t\t\t\t\n\t\t\t\t\t\t\t\t\t<p class=\"elementor-icon-box-description\">\n\t\t\t\t\t\tConfia en la nostra experi\u00e8ncia per a la rehabilitaci\u00f3 integral del teu edifici a Barcelona.\t\t\t\t\t<\/p>\n\t\t\t\t\n\t\t\t<\/div>\n\t\t\t\n\t\t<\/div>\n\t\t\t\t\t\t<\/div>\n\t\t\t\t<\/div>\n\t\t\t\t\t<\/div>\n\t\t<\/div>\n\t\t\t\t\t<\/div>\n\t\t<\/section>\n\t\t\t\t<section class=\"elementor-section elementor-inner-section elementor-element elementor-element-d9819c8 elementor-section-boxed elementor-section-height-default elementor-section-height-default\" data-id=\"d9819c8\" data-element_type=\"section\" data-e-type=\"section\">\n\t\t\t\t\t\t<div class=\"elementor-container elementor-column-gap-default\">\n\t\t\t\t\t<div class=\"elementor-column elementor-col-100 elementor-inner-column elementor-element elementor-element-02103ef\" data-id=\"02103ef\" data-element_type=\"column\" data-e-type=\"column\" data-settings=\"{&quot;background_background&quot;:&quot;classic&quot;}\">\n\t\t\t<div class=\"elementor-widget-wrap elementor-element-populated\">\n\t\t\t\t\t\t<div class=\"elementor-element elementor-element-26c26ff elementor-widget elementor-widget-accordion\" data-id=\"26c26ff\" data-element_type=\"widget\" data-e-type=\"widget\" data-widget_type=\"accordion.default\">\n\t\t\t\t<div class=\"elementor-widget-container\">\n\t\t\t\t\t\t\t<div class=\"elementor-accordion\">\n\t\t\t\t\t\t\t<div class=\"elementor-accordion-item\">\n\t\t\t\t\t<h3 id=\"elementor-tab-title-4061\" class=\"elementor-tab-title\" data-tab=\"1\" role=\"button\" aria-controls=\"elementor-tab-content-4061\" aria-expanded=\"false\">\n\t\t\t\t\t\t\t\t\t\t\t\t\t<span class=\"elementor-accordion-icon elementor-accordion-icon-\" aria-hidden=\"true\">\n\t\t\t\t\t\t\t\t\t\t\t\t\t\t\t<span class=\"elementor-accordion-icon-closed\"><\/span>\n\t\t\t\t\t\t\t\t<span class=\"elementor-accordion-icon-opened\"><\/span>\n\t\t\t\t\t\t\t\t\t\t\t\t\t\t<\/span>\n\t\t\t\t\t\t\t\t\t\t\t\t<a class=\"elementor-accordion-title\" tabindex=\"0\">1. Quina \u00e9s la millor manera de mantenir els celoberts en bon estat?<\/a>\n\t\t\t\t\t<\/h3>\n\t\t\t\t\t<div id=\"elementor-tab-content-4061\" class=\"elementor-tab-content elementor-clearfix\" data-tab=\"1\" role=\"region\" aria-labelledby=\"elementor-tab-title-4061\"><p>Els celoberts s\u00f3n essencials per a la ventilaci\u00f3 i la il\u00b7luminaci\u00f3 de l&#8217;edifici, per\u00f2 solen quedar en l&#8217;oblit. A causa de la dificultat d&#8217;instal\u00b7lar bastides en aquests espais, els <strong data-start=\"377\" data-end=\"400\">treballs verticals<\/strong> s\u00f3n la millor soluci\u00f3 per al seu manteniment i reparaci\u00f3, garantint un resultat eficient i segur sense generar mol\u00e8sties a la comunitat. Consulta el nostre servei de <a href=\"https:\/\/verticalsbarcelona.es\/ca\/treballs-verticals\/\" target=\"_new\" rel=\"noopener\" data-start=\"572\" data-end=\"675\"><strong data-start=\"573\" data-end=\"609\">manteniment de celoberts<\/strong><\/a> .  <\/p>\n<\/div>\n\t\t\t\t<\/div>\n\t\t\t\t\t\t\t<div class=\"elementor-accordion-item\">\n\t\t\t\t\t<h3 id=\"elementor-tab-title-4062\" class=\"elementor-tab-title\" data-tab=\"2\" role=\"button\" aria-controls=\"elementor-tab-content-4062\" aria-expanded=\"false\">\n\t\t\t\t\t\t\t\t\t\t\t\t\t<span class=\"elementor-accordion-icon elementor-accordion-icon-\" aria-hidden=\"true\">\n\t\t\t\t\t\t\t\t\t\t\t\t\t\t\t<span class=\"elementor-accordion-icon-closed\"><\/span>\n\t\t\t\t\t\t\t\t<span class=\"elementor-accordion-icon-opened\"><\/span>\n\t\t\t\t\t\t\t\t\t\t\t\t\t\t<\/span>\n\t\t\t\t\t\t\t\t\t\t\t\t<a class=\"elementor-accordion-title\" tabindex=\"0\">2. Per qu\u00e8 cal rehabilitar la fa\u00e7ana d'un edifici?<\/a>\n\t\t\t\t\t<\/h3>\n\t\t\t\t\t<div id=\"elementor-tab-content-4062\" class=\"elementor-tab-content elementor-clearfix\" data-tab=\"2\" role=\"region\" aria-labelledby=\"elementor-tab-title-4062\"><p data-start=\"882\" data-end=\"1305\">Una fa\u00e7ana en mal estat no nom\u00e9s afecta l?est\u00e8tica de l?edifici, sin\u00f3 que tamb\u00e9 pot generar filtracions, p\u00e8rdua d?efici\u00e8ncia energ\u00e8tica i problemes estructurals. Amb feines verticals, realitzem la rehabilitaci\u00f3 sense bastides, reduint costos i temps d&#8217;execuci\u00f3. Descobreix com podem ajudar-te amb la <a href=\"https:\/\/verticalsbarcelona.es\/ca\/treballs-verticals\/\" target=\"_new\" rel=\"noopener\" data-start=\"1090\" data-end=\"1187\"><strong data-start=\"1091\" data-end=\"1121\">rehabilitaci\u00f3 de fa\u00e7anes<\/strong><\/a> .  <\/p>\n<\/div>\n\t\t\t\t<\/div>\n\t\t\t\t\t\t\t<div class=\"elementor-accordion-item\">\n\t\t\t\t\t<h3 id=\"elementor-tab-title-4063\" class=\"elementor-tab-title\" data-tab=\"3\" role=\"button\" aria-controls=\"elementor-tab-content-4063\" aria-expanded=\"false\">\n\t\t\t\t\t\t\t\t\t\t\t\t\t<span class=\"elementor-accordion-icon elementor-accordion-icon-\" aria-hidden=\"true\">\n\t\t\t\t\t\t\t\t\t\t\t\t\t\t\t<span class=\"elementor-accordion-icon-closed\"><\/span>\n\t\t\t\t\t\t\t\t<span class=\"elementor-accordion-icon-opened\"><\/span>\n\t\t\t\t\t\t\t\t\t\t\t\t\t\t<\/span>\n\t\t\t\t\t\t\t\t\t\t\t\t<a class=\"elementor-accordion-title\" tabindex=\"0\">3. Com influeix la neteja de fa\u00e7anes a la durabilitat de l'edifici?<\/a>\n\t\t\t\t\t<\/h3>\n\t\t\t\t\t<div id=\"elementor-tab-content-4063\" class=\"elementor-tab-content elementor-clearfix\" data-tab=\"3\" role=\"region\" aria-labelledby=\"elementor-tab-title-4063\"><p>L&#8217;acumulaci\u00f3 de brut\u00edcia i de contaminaci\u00f3 deteriora els materials amb el temps. Una neteja regular evita danys m\u00e9s grans i mant\u00e9 la fa\u00e7ana en \u00f2ptimes condicions. Amb treballs verticals, netegem qualsevol tipus de superf\u00edcie sense necessitat de bastides. Consulta el nostre servei de <a href=\"https:\/\/verticalsbarcelona.es\/ca\/treballs-verticals\/\" target=\"_new\" rel=\"noopener\" data-start=\"1592\" data-end=\"1683\"><strong data-start=\"1593\" data-end=\"1617\">neteja de fa\u00e7anes<\/strong><\/a> .   <\/p>\n<\/div>\n\t\t\t\t<\/div>\n\t\t\t\t\t\t\t<div class=\"elementor-accordion-item\">\n\t\t\t\t\t<h3 id=\"elementor-tab-title-4064\" class=\"elementor-tab-title\" data-tab=\"4\" role=\"button\" aria-controls=\"elementor-tab-content-4064\" aria-expanded=\"false\">\n\t\t\t\t\t\t\t\t\t\t\t\t\t<span class=\"elementor-accordion-icon elementor-accordion-icon-\" aria-hidden=\"true\">\n\t\t\t\t\t\t\t\t\t\t\t\t\t\t\t<span class=\"elementor-accordion-icon-closed\"><\/span>\n\t\t\t\t\t\t\t\t<span class=\"elementor-accordion-icon-opened\"><\/span>\n\t\t\t\t\t\t\t\t\t\t\t\t\t\t<\/span>\n\t\t\t\t\t\t\t\t\t\t\t\t<a class=\"elementor-accordion-title\" tabindex=\"0\">4. Qu\u00e8 fer si hi ha risc de despreniments en una fa\u00e7ana?<\/a>\n\t\t\t\t\t<\/h3>\n\t\t\t\t\t<div id=\"elementor-tab-content-4064\" class=\"elementor-tab-content elementor-clearfix\" data-tab=\"4\" role=\"region\" aria-labelledby=\"elementor-tab-title-4064\"><p data-start=\"1731\" data-end=\"2162\">En cas de despreniments, instal\u00b7lem immediatament una <strong data-start=\"1858\" data-end=\"1881\">malla de protecci\u00f3<\/strong> per evitar accidents. Un cop assegurada la zona, avaluem el dany i preparem un pressupost per a la reparaci\u00f3 definitiva. Protegeix el teu edifici amb el nostre servei d&#8217; <a href=\"https:\/\/verticalsbarcelona.es\/ca\/treballs-verticals\/\" target=\"_new\" rel=\"noopener\" data-start=\"2054\" data-end=\"2159\"><strong data-start=\"2055\" data-end=\"2093\">instal\u00b7laci\u00f3 de malles de seguretat<\/strong><\/a> .  <\/p>\n<\/div>\n\t\t\t\t<\/div>\n\t\t\t\t\t\t\t<div class=\"elementor-accordion-item\">\n\t\t\t\t\t<h3 id=\"elementor-tab-title-4065\" class=\"elementor-tab-title\" data-tab=\"5\" role=\"button\" aria-controls=\"elementor-tab-content-4065\" aria-expanded=\"false\">\n\t\t\t\t\t\t\t\t\t\t\t\t\t<span class=\"elementor-accordion-icon elementor-accordion-icon-\" aria-hidden=\"true\">\n\t\t\t\t\t\t\t\t\t\t\t\t\t\t\t<span class=\"elementor-accordion-icon-closed\"><\/span>\n\t\t\t\t\t\t\t\t<span class=\"elementor-accordion-icon-opened\"><\/span>\n\t\t\t\t\t\t\t\t\t\t\t\t\t\t<\/span>\n\t\t\t\t\t\t\t\t\t\t\t\t<a class=\"elementor-accordion-title\" tabindex=\"0\">5. Quins problemes poden causar les juntes de dilataci\u00f3 mal segellades?<\/a>\n\t\t\t\t\t<\/h3>\n\t\t\t\t\t<div id=\"elementor-tab-content-4065\" class=\"elementor-tab-content elementor-clearfix\" data-tab=\"5\" role=\"region\" aria-labelledby=\"elementor-tab-title-4065\"><p data-start=\"2206\" data-end=\"2658\">Un mal segellat de les juntes de dilataci\u00f3 pot provocar filtracions, humitats i problemes estructurals. Amb treballs verticals, segellem efica\u00e7ment les juntes sense necessitat de bastides, assegurant-ne la durabilitat i protecci\u00f3. Demana m\u00e9s informaci\u00f3 sobre el nostre servei de <a href=\"https:\/\/verticalsbarcelona.es\/ca\/treballs-verticals\/\" target=\"_new\" rel=\"noopener\" data-start=\"2567\" data-end=\"2655\"><strong data-start=\"2568\" data-end=\"2589\">segellat de juntes<\/strong><\/a> .  <\/p>\n<\/div>\n\t\t\t\t<\/div>\n\t\t\t\t\t\t\t<div class=\"elementor-accordion-item\">\n\t\t\t\t\t<h3 id=\"elementor-tab-title-4066\" class=\"elementor-tab-title\" data-tab=\"6\" role=\"button\" aria-controls=\"elementor-tab-content-4066\" aria-expanded=\"false\">\n\t\t\t\t\t\t\t\t\t\t\t\t\t<span class=\"elementor-accordion-icon elementor-accordion-icon-\" aria-hidden=\"true\">\n\t\t\t\t\t\t\t\t\t\t\t\t\t\t\t<span class=\"elementor-accordion-icon-closed\"><\/span>\n\t\t\t\t\t\t\t\t<span class=\"elementor-accordion-icon-opened\"><\/span>\n\t\t\t\t\t\t\t\t\t\t\t\t\t\t<\/span>\n\t\t\t\t\t\t\t\t\t\t\t\t<a class=\"elementor-accordion-title\" tabindex=\"0\">6. Quins avantatges t\u00e9 el suro projectat davant d'altres revestiments?<\/a>\n\t\t\t\t\t<\/h3>\n\t\t\t\t\t<div id=\"elementor-tab-content-4066\" class=\"elementor-tab-content elementor-clearfix\" data-tab=\"6\" role=\"region\" aria-labelledby=\"elementor-tab-title-4066\"><p data-start=\"2688\" data-end=\"3118\">El suro projectat millora l\u00b4a\u00efllament t\u00e8rmic i ac\u00fastic, reduint el consum energ\u00e8tic. A m\u00e9s, \u00e9s ecol\u00f2gic, transpirable i resistent a la intemp\u00e8rie, cosa que el converteix en una opci\u00f3 sostenible i duradora. Consulta m\u00e9s sobre el nostre servei de <a href=\"https:\/\/verticalsbarcelona.es\/ca\/treballs-verticals\/\" target=\"_new\" rel=\"noopener\" data-start=\"3027\" data-end=\"3115\"><strong data-start=\"3028\" data-end=\"3049\">suro projectat<\/strong><\/a> .  <\/p>\n<\/div>\n\t\t\t\t<\/div>\n\t\t\t\t\t\t\t<div class=\"elementor-accordion-item\">\n\t\t\t\t\t<h3 id=\"elementor-tab-title-4067\" class=\"elementor-tab-title\" data-tab=\"7\" role=\"button\" aria-controls=\"elementor-tab-content-4067\" aria-expanded=\"false\">\n\t\t\t\t\t\t\t\t\t\t\t\t\t<span class=\"elementor-accordion-icon elementor-accordion-icon-\" aria-hidden=\"true\">\n\t\t\t\t\t\t\t\t\t\t\t\t\t\t\t<span class=\"elementor-accordion-icon-closed\"><\/span>\n\t\t\t\t\t\t\t\t<span class=\"elementor-accordion-icon-opened\"><\/span>\n\t\t\t\t\t\t\t\t\t\t\t\t\t\t<\/span>\n\t\t\t\t\t\t\t\t\t\t\t\t<a class=\"elementor-accordion-title\" tabindex=\"0\">7. En quant de temps es pot substituir un baixant danyat?<\/a>\n\t\t\t\t\t<\/h3>\n\t\t\t\t\t<div id=\"elementor-tab-content-4067\" class=\"elementor-tab-content elementor-clearfix\" data-tab=\"7\" role=\"region\" aria-labelledby=\"elementor-tab-title-4067\"><p data-start=\"3154\" data-end=\"3511\">Gr\u00e0cies als treballs verticals, podem substituir una baixant en un sol dia, evitant filtracions i danys estructurals a la comunitat de ve\u00efns. Descobreix el nostre servei de <a href=\"https:\/\/verticalsbarcelona.es\/ca\/treballs-verticals\/\" target=\"_new\" rel=\"noopener\" data-start=\"3401\" data-end=\"3508\"><strong data-start=\"3402\" data-end=\"3442\">reparaci\u00f3 i substituci\u00f3 de baixants<\/strong><\/a> . <\/p>\n<\/div>\n\t\t\t\t<\/div>\n\t\t\t\t\t\t\t<div class=\"elementor-accordion-item\">\n\t\t\t\t\t<h3 id=\"elementor-tab-title-4068\" class=\"elementor-tab-title\" data-tab=\"8\" role=\"button\" aria-controls=\"elementor-tab-content-4068\" aria-expanded=\"false\">\n\t\t\t\t\t\t\t\t\t\t\t\t\t<span class=\"elementor-accordion-icon elementor-accordion-icon-\" aria-hidden=\"true\">\n\t\t\t\t\t\t\t\t\t\t\t\t\t\t\t<span class=\"elementor-accordion-icon-closed\"><\/span>\n\t\t\t\t\t\t\t\t<span class=\"elementor-accordion-icon-opened\"><\/span>\n\t\t\t\t\t\t\t\t\t\t\t\t\t\t<\/span>\n\t\t\t\t\t\t\t\t\t\t\t\t<a class=\"elementor-accordion-title\" tabindex=\"0\">8. Com s'instal\u00b7la una sortida de fums en un edifici sense fer servir bastides?<\/a>\n\t\t\t\t\t<\/h3>\n\t\t\t\t\t<div id=\"elementor-tab-content-4068\" class=\"elementor-tab-content elementor-clearfix\" data-tab=\"8\" role=\"region\" aria-labelledby=\"elementor-tab-title-4068\"><p data-start=\"3554\" data-end=\"3955\">Amb t\u00e8cniques de treballs verticals, realitzem la instal\u00b7laci\u00f3 de <strong data-start=\"3700\" data-end=\"3720\">sortides de fums<\/strong> de manera segura i eficient, evitant obres invasives i reduint els temps d&#8217;execuci\u00f3. Informa&#8217;t sobre el nostre servei d&#8217; <a href=\"https:\/\/verticalsbarcelona.es\/ca\/treballs-verticals\/\" target=\"_new\" rel=\"noopener\" data-start=\"3850\" data-end=\"3952\"><strong data-start=\"3851\" data-end=\"3886\">instal\u00b7laci\u00f3 de sortides de fums<\/strong><\/a> . <\/p>\n<\/div>\n\t\t\t\t<\/div>\n\t\t\t\t\t\t\t<div class=\"elementor-accordion-item\">\n\t\t\t\t\t<h3 id=\"elementor-tab-title-4069\" class=\"elementor-tab-title\" data-tab=\"9\" role=\"button\" aria-controls=\"elementor-tab-content-4069\" aria-expanded=\"false\">\n\t\t\t\t\t\t\t\t\t\t\t\t\t<span class=\"elementor-accordion-icon elementor-accordion-icon-\" aria-hidden=\"true\">\n\t\t\t\t\t\t\t\t\t\t\t\t\t\t\t<span class=\"elementor-accordion-icon-closed\"><\/span>\n\t\t\t\t\t\t\t\t<span class=\"elementor-accordion-icon-opened\"><\/span>\n\t\t\t\t\t\t\t\t\t\t\t\t\t\t<\/span>\n\t\t\t\t\t\t\t\t\t\t\t\t<a class=\"elementor-accordion-title\" tabindex=\"0\">9. \u00c9s perill\u00f3s retirar amiant sense professionals especialitzats?<\/a>\n\t\t\t\t\t<\/h3>\n\t\t\t\t\t<div id=\"elementor-tab-content-4069\" class=\"elementor-tab-content elementor-clearfix\" data-tab=\"9\" role=\"region\" aria-labelledby=\"elementor-tab-title-4069\"><p>S\u00ed, l&#8217;amiant \u00e9s un material altament t\u00f2xic i la seva retirada l&#8217;han de fer experts acreditats seguint protocols de seguretat. Fem servir treballs verticals per a una eliminaci\u00f3 segura sense riscos per a la salut. Consulta el nostre servei de <a href=\"https:\/\/verticalsbarcelona.es\/ca\/treballs-verticals\/\" target=\"_new\" rel=\"noopener\" data-start=\"4308\" data-end=\"4398\"><strong data-start=\"4309\" data-end=\"4332\">retirada d&#8217;amiant<\/strong><\/a> .  <\/p>\n<\/div>\n\t\t\t\t<\/div>\n\t\t\t\t\t\t\t<div class=\"elementor-accordion-item\">\n\t\t\t\t\t<h3 id=\"elementor-tab-title-40610\" class=\"elementor-tab-title\" data-tab=\"10\" role=\"button\" aria-controls=\"elementor-tab-content-40610\" aria-expanded=\"false\">\n\t\t\t\t\t\t\t\t\t\t\t\t\t<span class=\"elementor-accordion-icon elementor-accordion-icon-\" aria-hidden=\"true\">\n\t\t\t\t\t\t\t\t\t\t\t\t\t\t\t<span class=\"elementor-accordion-icon-closed\"><\/span>\n\t\t\t\t\t\t\t\t<span class=\"elementor-accordion-icon-opened\"><\/span>\n\t\t\t\t\t\t\t\t\t\t\t\t\t\t<\/span>\n\t\t\t\t\t\t\t\t\t\t\t\t<a class=\"elementor-accordion-title\" tabindex=\"0\">10. Com evitar filtracions als terrats?<\/a>\n\t\t\t\t\t<\/h3>\n\t\t\t\t\t<div id=\"elementor-tab-content-40610\" class=\"elementor-tab-content elementor-clearfix\" data-tab=\"10\" role=\"region\" aria-labelledby=\"elementor-tab-title-40610\"><p data-start=\"4444\" data-end=\"4840\">La impermeabilitzaci\u00f3 \u00e9s clau per prevenir filtracions i humitats. Apliquem solucions eficaces mitjan\u00e7ant treballs verticals, assegurant una protecci\u00f3 duradora sense necessitat de grans obres. Consulta el nostre servei d&#8217; <a href=\"https:\/\/verticalsbarcelona.es\/ca\/treballs-verticals\/\" target=\"_new\" rel=\"noopener\" data-start=\"4724\" data-end=\"4837\"><strong data-start=\"4725\" data-end=\"4771\">impermeabilitzaci\u00f3 de cobertes i terrats<\/strong><\/a> .  <\/p>\n<\/div>\n\t\t\t\t<\/div>\n\t\t\t\t\t\t\t\t<\/div>\n\t\t\t\t\t\t<\/div>\n\t\t\t\t<\/div>\n\t\t\t\t<div class=\"elementor-element elementor-element-7ee842b elementor-widget__width-inherit elementor-mobile-align-justify elementor-widget-mobile__width-inherit elementor-align-center elementor-invisible elementor-widget elementor-widget-button\" data-id=\"7ee842b\" data-element_type=\"widget\" data-e-type=\"widget\" data-settings=\"{&quot;_animation&quot;:&quot;fadeInUp&quot;,&quot;_animation_delay&quot;:300}\" data-widget_type=\"button.default\">\n\t\t\t\t<div class=\"elementor-widget-container\">\n\t\t\t\t\t\t\t\t\t<div class=\"elementor-button-wrapper\">\n\t\t\t\t\t<a class=\"elementor-button elementor-button-link elementor-size-sm\" href=\"https:\/\/verticalsbarcelona.es\/ca\/treballs-verticals\/\">\n\t\t\t\t\t\t<span class=\"elementor-button-content-wrapper\">\n\t\t\t\t\t\t\t\t\t<span class=\"elementor-button-text\">Veure tots els serveis de treballs verticals<\/span>\n\t\t\t\t\t<\/span>\n\t\t\t\t\t<\/a>\n\t\t\t\t<\/div>\n\t\t\t\t\t\t\t\t<\/div>\n\t\t\t\t<\/div>\n\t\t\t\t\t<\/div>\n\t\t<\/div>\n\t\t\t\t\t<\/div>\n\t\t<\/section>\n\t\t\t\t\t<\/div>\n\t\t<\/div>\n\t\t\t\t\t<\/div>\n\t\t<\/section>\n\t\t<div class=\"elementor-element elementor-element-e048fbe elementor-hidden-desktop elementor-hidden-tablet elementor-hidden-mobile e-flex e-con-boxed e-con e-parent\" data-id=\"e048fbe\" data-element_type=\"container\" data-e-type=\"container\">\n\t\t\t\t\t<div class=\"e-con-inner\">\n\t\t\t\t<div class=\"elementor-element elementor-element-8a1804f elementor-widget elementor-widget-text-editor\" data-id=\"8a1804f\" data-element_type=\"widget\" data-e-type=\"widget\" data-widget_type=\"text-editor.default\">\n\t\t\t\t<div class=\"elementor-widget-container\">\n\t\t\t\t\t\t\t\t\t<section><h2>contacte treballs verticals barcelona \u2013 professionals en al\u00e7ada al teu servei<\/h2><p>Si busques un equip especialitzat en treballs en al\u00e7ada, a <strong>Verticals Barcelona<\/strong> us oferim solucions eficaces i segures. Comptem amb un equip altament qualificat per fer tot tipus d&#8217;intervencions a fa\u00e7anes, cobertes, estructures industrials i qualsevol altre espai de dif\u00edcil acc\u00e9s. A trav\u00e9s del nostre servei de <strong>contacte treballs verticals Barcelona<\/strong> , \u200b\u200bpodr\u00e0s sol\u00b7licitar informaci\u00f3, pressupostos i assessorament personalitzat pel teu projecte.  <\/p><p>A <strong>Verticals Barcelona<\/strong> , \u200b\u200bcomprenem la import\u00e0ncia de comptar amb professionals en treballs verticals que garanteixin qualitat, seguretat i rapidesa en cada intervenci\u00f3. Per aix\u00f2, posem a la vostra disposici\u00f3 el nostre servei de <strong>contacte treballs verticals Barcelona<\/strong> , on us atendrem de manera r\u00e0pida i eficient per resoldre qualsevol dubte sobre els nostres serveis. <\/p><h3>sol\u00b7licita informaci\u00f3 a trav\u00e9s del nostre servei de contacte treballs verticals barcelona<\/h3><p>Ja sigui que necessitis una rehabilitaci\u00f3 de fa\u00e7ana, instal\u00b7laci\u00f3 de l\u00ednies de vida, neteja de vidres en al\u00e7ada o qualsevol altre servei especialitzat, el nostre equip est\u00e0 preparat per oferir-te la millor soluci\u00f3. A trav\u00e9s del nostre <strong>contacte treballs verticals Barcelona<\/strong> , \u200b\u200bpodr\u00e0s rebre assessorament t\u00e8cnic i un pressupost ajustat a les teves necessitats. <\/p><p>T&#8217;oferim un servei \u00e0gil i personalitzat, garantint sempre la millor relaci\u00f3 qualitat-preu. Som especialistes en treballs en al\u00e7ada sense necessitat de bastides, cosa que ens permet reduir costos i temps d&#8217;execuci\u00f3, assegurant un resultat \u00f2ptim en cada projecte. <\/p><h3>per qu\u00e8 contactar amb verticals barcelona?<\/h3><p>Si cerques un equip d&#8217;experts en treballs en al\u00e7ada, el nostre servei de <strong>contacte treballs verticals Barcelona<\/strong> et permetr\u00e0 accedir a professionals amb \u00e0mplia experi\u00e8ncia en el sector. Algunes raons per triar-nos inclouen: <\/p><ul><li><img decoding=\"async\" decoding=async data-opt-id=1934038180  data-opt-src=\"https:\/\/s.w.org\/images\/core\/emoji\/15.0.3\/svg\/2714.svg\"  class=\"optimole-lazy-only  emoji\" role=\"img\" draggable=\"false\" src=\"data:image\/svg+xml,%3Csvg%20viewBox%3D%220%200%20100%%20100%%22%20width%3D%22100%%22%20height%3D%22100%%22%20xmlns%3D%22http%3A%2F%2Fwww.w3.org%2F2000%2Fsvg%22%3E%3Crect%20width%3D%22100%%22%20height%3D%22100%%22%20fill%3D%22transparent%22%2F%3E%3C%2Fsvg%3E\" alt=\"\u2714\ufe0f\">  Atenci\u00f3 r\u00e0pida i personalitzada a trav\u00e9s del nostre <strong>contacte treballs verticals Barcelona<\/strong> .<\/li><li><img decoding=\"async\" decoding=async data-opt-id=1934038180  data-opt-src=\"https:\/\/s.w.org\/images\/core\/emoji\/15.0.3\/svg\/2714.svg\"  class=\"optimole-lazy-only  emoji\" role=\"img\" draggable=\"false\" src=\"data:image\/svg+xml,%3Csvg%20viewBox%3D%220%200%20100%%20100%%22%20width%3D%22100%%22%20height%3D%22100%%22%20xmlns%3D%22http%3A%2F%2Fwww.w3.org%2F2000%2Fsvg%22%3E%3Crect%20width%3D%22100%%22%20height%3D%22100%%22%20fill%3D%22transparent%22%2F%3E%3C%2Fsvg%3E\" alt=\"\u2714\ufe0f\">  Solucions a mida per a cada tipus de projecte en al\u00e7ada.<\/li><li><img decoding=\"async\" decoding=async data-opt-id=1934038180  data-opt-src=\"https:\/\/s.w.org\/images\/core\/emoji\/15.0.3\/svg\/2714.svg\"  class=\"optimole-lazy-only  emoji\" role=\"img\" draggable=\"false\" src=\"data:image\/svg+xml,%3Csvg%20viewBox%3D%220%200%20100%%20100%%22%20width%3D%22100%%22%20height%3D%22100%%22%20xmlns%3D%22http%3A%2F%2Fwww.w3.org%2F2000%2Fsvg%22%3E%3Crect%20width%3D%22100%%22%20height%3D%22100%%22%20fill%3D%22transparent%22%2F%3E%3C%2Fsvg%3E\" alt=\"\u2714\ufe0f\">  T\u00e8cniques segures i eficients sense necessitat de bastides.<\/li><li><img decoding=\"async\" decoding=async data-opt-id=1934038180  data-opt-src=\"https:\/\/s.w.org\/images\/core\/emoji\/15.0.3\/svg\/2714.svg\"  class=\"optimole-lazy-only  emoji\" role=\"img\" draggable=\"false\" src=\"data:image\/svg+xml,%3Csvg%20viewBox%3D%220%200%20100%%20100%%22%20width%3D%22100%%22%20height%3D%22100%%22%20xmlns%3D%22http%3A%2F%2Fwww.w3.org%2F2000%2Fsvg%22%3E%3Crect%20width%3D%22100%%22%20height%3D%22100%%22%20fill%3D%22transparent%22%2F%3E%3C%2Fsvg%3E\" alt=\"\u2714\ufe0f\">  Compliment de totes les normatives de seguretat i de qualitat.<\/li><li><img decoding=\"async\" decoding=async data-opt-id=1934038180  data-opt-src=\"https:\/\/s.w.org\/images\/core\/emoji\/15.0.3\/svg\/2714.svg\"  class=\"optimole-lazy-only  emoji\" role=\"img\" draggable=\"false\" src=\"data:image\/svg+xml,%3Csvg%20viewBox%3D%220%200%20100%%20100%%22%20width%3D%22100%%22%20height%3D%22100%%22%20xmlns%3D%22http%3A%2F%2Fwww.w3.org%2F2000%2Fsvg%22%3E%3Crect%20width%3D%22100%%22%20height%3D%22100%%22%20fill%3D%22transparent%22%2F%3E%3C%2Fsvg%3E\" alt=\"\u2714\ufe0f\">  Equip qualificat amb anys dexperi\u00e8ncia en treballs verticals.<\/li><\/ul><h3>com contactar amb nosaltres<\/h3><p>Posar-vos en contacte amb <strong>Verticals Barcelona<\/strong> \u00e9s molt senzill. A trav\u00e9s del nostre servei de <strong>contacte feines verticals Barcelona<\/strong> , \u200b\u200bpots trucar-nos, enviar-nos un correu o completar el nostre formulari de contacte. Ens encarregarem de respondre&#8217;t el m\u00e9s aviat possible per oferir-te la millor soluci\u00f3.  <\/p><p>No deixeu en mans inexpertes les intervencions en altura. Confia en un equip professional amb anys de traject\u00f2ria i resultats garantits. Si busques un servei de confian\u00e7a, accedeix al nostre <a href=\"https:\/\/www.google.com\/search?q=Contacto+trabajos+verticales+Barcelona\" target=\"_blank\" rel=\"noopener\">contacte feines verticals Barcelona<\/a> i demana el teu pressupost sense comprom\u00eds.  <\/p><p><img decoding=\"async\" decoding=async data-opt-id=1146362969  data-opt-src=\"https:\/\/s.w.org\/images\/core\/emoji\/15.0.3\/svg\/1f4de.svg\"  class=\"optimole-lazy-only  emoji\" role=\"img\" draggable=\"false\" src=\"data:image\/svg+xml,%3Csvg%20viewBox%3D%220%200%20100%%20100%%22%20width%3D%22100%%22%20height%3D%22100%%22%20xmlns%3D%22http%3A%2F%2Fwww.w3.org%2F2000%2Fsvg%22%3E%3Crect%20width%3D%22100%%22%20height%3D%22100%%22%20fill%3D%22transparent%22%2F%3E%3C%2Fsvg%3E\" alt=\"\ud83d\udcde\"> <strong>Contacta&#8217;ns ara i rep el millor servei en feines verticals a Barcelona.<\/strong><\/p><\/section>\t\t\t\t\t\t\t\t<\/div>\n\t\t\t\t<\/div>\n\t\t\t\t\t<\/div>\n\t\t\t\t<\/div>\n\t\t\t\t<\/div>\n\t\t","protected":false},"excerpt":{"rendered":"<p>Contacte Treballs Verticals Barcelona: Serveis Professionals a Al\u00e7ada Si busques especialistes en feines verticals a Barcelona, \u200b\u200bhas arribat al lloc indicat. A Verticals Barcelona, \u200b\u200boferim solucions segures i eficients per a feines en al\u00e7ada, manteniment de fa\u00e7anes, rehabilitaci\u00f3 d&#8217;edificis i altres serveis especialitzats. Comptem amb un equip altament qualificat i certificat per garantir la m\u00e0xima [&hellip;]<\/p>\n","protected":false},"author":1,"featured_media":0,"parent":0,"menu_order":25,"comment_status":"closed","ping_status":"closed","template":"","meta":{"footnotes":""},"class_list":["post-2157","page","type-page","status-publish","hentry"],"_links":{"self":[{"href":"https:\/\/verticalsbarcelona.es\/ca\/wp-json\/wp\/v2\/pages\/2157","targetHints":{"allow":["GET"]}}],"collection":[{"href":"https:\/\/verticalsbarcelona.es\/ca\/wp-json\/wp\/v2\/pages"}],"about":[{"href":"https:\/\/verticalsbarcelona.es\/ca\/wp-json\/wp\/v2\/types\/page"}],"author":[{"embeddable":true,"href":"https:\/\/verticalsbarcelona.es\/ca\/wp-json\/wp\/v2\/users\/1"}],"replies":[{"embeddable":true,"href":"https:\/\/verticalsbarcelona.es\/ca\/wp-json\/wp\/v2\/comments?post=2157"}],"version-history":[{"count":11,"href":"https:\/\/verticalsbarcelona.es\/ca\/wp-json\/wp\/v2\/pages\/2157\/revisions"}],"predecessor-version":[{"id":3046,"href":"https:\/\/verticalsbarcelona.es\/ca\/wp-json\/wp\/v2\/pages\/2157\/revisions\/3046"}],"wp:attachment":[{"href":"https:\/\/verticalsbarcelona.es\/ca\/wp-json\/wp\/v2\/media?parent=2157"}],"curies":[{"name":"wp","href":"https:\/\/api.w.org\/{rel}","templated":true}]}}